{"id":1560,"date":"2025-11-18T08:11:28","date_gmt":"2025-11-18T07:11:28","guid":{"rendered":"https:\/\/apexvape.de\/?page_id=1560"},"modified":"2025-11-18T08:11:30","modified_gmt":"2025-11-18T07:11:30","slug":"versand-und-lieferung","status":"publish","type":"page","link":"https:\/\/apexvape.de\/hu\/versand-und-lieferung\/","title":{"rendered":"Sz\u00e1ll\u00edt\u00e1s \u00e9s k\u00e9zbes\u00edt\u00e9s"},"content":{"rendered":"<h1 class=\"wp-block-heading\">Sz\u00e1ll\u00edt\u00e1si politika \u00e9s sz\u00e1ll\u00edt\u00e1s - apexvape<\/h1>\n\n\n\n<h2 class=\"wp-block-heading\">Feldolgoz\u00e1si \u00e9s sz\u00e1ll\u00edt\u00e1si id\u0151<\/h2>\n\n\n\n<p>A megrendel\u00e9seket egy-h\u00e1rom munkanapon bel\u00fcl feldolgozzuk \u00e9s elk\u00fcldj\u00fck. A felad\u00e1st k\u00f6vet\u0151en \u00e1ltal\u00e1ban t\u00edz-tizen\u00f6t munkanapos sz\u00e1ll\u00edt\u00e1si id\u0151vel sz\u00e1molhat. K\u00e9rj\u00fck, vegye figyelembe, hogy a megrendel\u00e9seket h\u00e9tv\u00e9g\u00e9n nem k\u00fcldj\u00fck ki.<\/p>\n\n\n\n<h2 class=\"wp-block-heading\">Rendel\u00e9s\u00e9nek nyomon k\u00f6vet\u00e9se<\/h2>\n\n\n\n<p>Amint megrendel\u00e9se elhagyta rakt\u00e1runkat, e-mail \u00e9rtes\u00edt\u00e9st k\u00fcld\u00fcnk \u00d6nnek a megfelel\u0151 nyomonk\u00f6vet\u00e9si adatokkal. K\u00e9rj\u00fck, vegye figyelembe, hogy a nyomonk\u00f6vet\u00e9si adatok friss\u00edt\u00e9se a sz\u00e1ll\u00edt\u00e1si szolg\u00e1ltat\u00f3 nyomonk\u00f6vet\u00e9si weboldal\u00e1n egy-k\u00e9t napot is ig\u00e9nybe vehet.<\/p>\n\n\n\n<h2 class=\"wp-block-heading\">Lemond\u00e1s \u00e9s a sz\u00e1ll\u00edt\u00e1si c\u00edm m\u00f3dos\u00edt\u00e1sa<\/h2>\n\n\n\n<p>Lehet\u0151s\u00e9ge van a rendel\u00e9s lemond\u00e1s\u00e1ra vagy a sz\u00e1ll\u00edt\u00e1si c\u00edm m\u00f3dos\u00edt\u00e1s\u00e1ra mindaddig, am\u00edg a rendel\u00e9st m\u00e9g nem k\u00fcldt\u00e9k el. Sajnos nem \u00e1ll m\u00f3dunkban visszat\u00e9r\u00edt\u00e9st vagy c\u00edmm\u00f3dos\u00edt\u00e1st v\u00e9gezni, ha a megrendel\u00e9s\u00e9t m\u00e1r elk\u00fcldt\u00fck.<\/p>\n\n\n\n<h2 class=\"wp-block-heading\">DDP sz\u00e1ll\u00edt\u00e1si szolg\u00e1ltat\u00e1s (Delivered Duty Paid)<\/h2>\n\n\n\n<p>DDP-sz\u00e1ll\u00edt\u00e1st k\u00edn\u00e1lunk a kiv\u00e1lasztott orsz\u00e1gok sz\u00e1m\u00e1ra. Ezzel a sz\u00e1ll\u00edt\u00e1si m\u00f3dszerrel nem kell v\u00e1mkezel\u00e9si elj\u00e1r\u00e1st vagy v\u00e1mot fizetnie:<\/p>\n\n\n\n<h3 class=\"wp-block-heading\">Egyes\u00fclt Kir\u00e1lys\u00e1g<\/h3>\n\n\n\n<ul class=\"wp-block-list\">\n<li><strong>Sz\u00e1ll\u00edt\u00e1si partner<\/strong>Helyi DPD Express<\/li>\n\n\n\n<li><strong>Sz\u00e1ll\u00edt\u00e1si hat\u00e1rid\u0151<\/strong>: 7-12 nap<\/li>\n<\/ul>\n\n\n\n<h3 class=\"wp-block-heading\">Eur\u00f3pai Uni\u00f3<\/h3>\n\n\n\n<ul class=\"wp-block-list\">\n<li><strong>Sz\u00e1ll\u00edt\u00e1si partner<\/strong>UPS\/DPD\/DHL Express<\/li>\n\n\n\n<li><strong>Sz\u00e1ll\u00edt\u00e1si hat\u00e1rid\u0151<\/strong>: 10-15 nap<\/li>\n<\/ul>\n\n\n\n<h2 class=\"wp-block-heading\">DDP sz\u00e1ll\u00edt\u00e1s az eur\u00f3pai orsz\u00e1gokban<\/h2>\n\n\n\n<p>A k\u00f6vetkez\u0151 eur\u00f3pai orsz\u00e1gok r\u00e9szes\u00fclnek DDP sz\u00e1ll\u00edt\u00e1si szolg\u00e1ltat\u00e1sunk el\u0151nyeib\u0151l:<\/p>\n\n\n\n<p>N\u00e9metorsz\u00e1g, Belgium, Luxemburg, Hollandia, Csehorsz\u00e1g, Lengyelorsz\u00e1g, Horv\u00e1torsz\u00e1g, Szlov\u00e1kia, Szlov\u00e9nia, Finnorsz\u00e1g, D\u00e1nia, Sv\u00e9dorsz\u00e1g, Ausztria, Franciaorsz\u00e1g, Olaszorsz\u00e1g, Magyarorsz\u00e1g, Bulg\u00e1ria, Litv\u00e1nia, \u00c9sztorsz\u00e1g, Lettorsz\u00e1g, G\u00f6r\u00f6gorsz\u00e1g, \u00cdrorsz\u00e1g, Portug\u00e1lia \u00e9s Spanyolorsz\u00e1g.<\/p>\n\n\n\n<h2 class=\"wp-block-heading\">A felad\u00e1s idej\u00e9re vonatkoz\u00f3 megjegyz\u00e9sek<\/h2>\n\n\n\n<p>A t\u00e9nyleges sz\u00e1ll\u00edt\u00e1si id\u0151 a c\u00e9lorsz\u00e1gt\u00f3l \u00e9s a v\u00e1lasztott sz\u00e1ll\u00edt\u00e1si m\u00f3dt\u00f3l f\u00fcgg\u0151en v\u00e1ltozhat. Az eur\u00f3pai orsz\u00e1gokba t\u00f6rt\u00e9n\u0151 sz\u00e1ll\u00edt\u00e1s eset\u00e9n a szok\u00e1sos sz\u00e1ll\u00edt\u00e1si id\u0151 nyolc-tizenh\u00e1rom nap.<\/p>","protected":false},"excerpt":{"rendered":"<p>Sz\u00e1ll\u00edt\u00e1si politika \u00e9s sz\u00e1ll\u00edt\u00e1s - apexvape Feldolgoz\u00e1si \u00e9s sz\u00e1ll\u00edt\u00e1si id\u0151 A megrendel\u00e9seit egy-h\u00e1rom h\u00e9ten bel\u00fcl feldolgozzuk.<\/p>","protected":false},"author":1,"featured_media":0,"parent":0,"menu_order":0,"comment_status":"closed","ping_status":"closed","template":"","meta":{"footnotes":""},"class_list":["post-1560","page","type-page","status-publish","hentry"],"_links":{"self":[{"href":"https:\/\/apexvape.de\/hu\/wp-json\/wp\/v2\/pages\/1560","targetHints":{"allow":["GET"]}}],"collection":[{"href":"https:\/\/apexvape.de\/hu\/wp-json\/wp\/v2\/pages"}],"about":[{"href":"https:\/\/apexvape.de\/hu\/wp-json\/wp\/v2\/types\/page"}],"author":[{"embeddable":true,"href":"https:\/\/apexvape.de\/hu\/wp-json\/wp\/v2\/users\/1"}],"replies":[{"embeddable":true,"href":"https:\/\/apexvape.de\/hu\/wp-json\/wp\/v2\/comments?post=1560"}],"version-history":[{"count":0,"href":"https:\/\/apexvape.de\/hu\/wp-json\/wp\/v2\/pages\/1560\/revisions"}],"wp:attachment":[{"href":"https:\/\/apexvape.de\/hu\/wp-json\/wp\/v2\/media?parent=1560"}],"curies":[{"name":"wp","href":"https:\/\/api.w.org\/{rel}","templated":true}]}}